{"id":5558,"date":"2026-03-21T15:16:28","date_gmt":"2026-03-21T15:16:28","guid":{"rendered":"https:\/\/lavolante.art\/experts-meeting\/"},"modified":"2026-03-28T19:00:52","modified_gmt":"2026-03-28T19:00:52","slug":"experts-meeting","status":"publish","type":"page","link":"https:\/\/lavolante.art\/en\/experts-meeting\/","title":{"rendered":"EXPERTS MEETING"},"content":{"rendered":"\t\t<div data-elementor-type=\"wp-page\" data-elementor-id=\"5558\" class=\"elementor elementor-5558 elementor-5546\" data-elementor-post-type=\"page\">\n\t\t\t\t\t\t<section class=\"elementor-section elementor-top-section elementor-element elementor-element-5a79168 elementor-section-boxed elementor-section-height-default elementor-section-height-default\" data-id=\"5a79168\" data-element_type=\"section\" data-e-type=\"section\">\n\t\t\t\t\t\t<div class=\"elementor-container elementor-column-gap-default\">\n\t\t\t\t\t<div class=\"elementor-column elementor-col-100 elementor-top-column elementor-element elementor-element-a713a0b\" data-id=\"a713a0b\" data-element_type=\"column\" data-e-type=\"column\">\n\t\t\t<div class=\"elementor-widget-wrap elementor-element-populated\">\n\t\t\t\t\t\t<div class=\"elementor-element elementor-element-e398dc9 elementor-widget elementor-widget-heading\" data-id=\"e398dc9\" data-element_type=\"widget\" data-e-type=\"widget\" data-widget_type=\"heading.default\">\n\t\t\t\t\t<h2 class=\"elementor-heading-title elementor-size-default\">EXPERTS MEETING<\/h2>\t\t\t\t<\/div>\n\t\t\t\t<div class=\"elementor-element elementor-element-6108e2f elementor-widget elementor-widget-heading\" data-id=\"6108e2f\" data-element_type=\"widget\" data-e-type=\"widget\" data-widget_type=\"heading.default\">\n\t\t\t\t\t<h6 class=\"elementor-heading-title elementor-size-default\">ONLY IN FRENCH THIS TIME SORRY <\/h6>\t\t\t\t<\/div>\n\t\t\t\t<div class=\"elementor-element elementor-element-04c6b49 elementor-widget elementor-widget-text-editor\" data-id=\"04c6b49\" data-element_type=\"widget\" data-e-type=\"widget\" data-widget_type=\"text-editor.default\">\n\t\t\t\t\t\t\t\t\t<p>Offrez \u00e0 votre travail un regard ext\u00e9rieur, sensible et exigeant.<br \/>Le temps d\u2019une rencontre, entrez en dialogue avec un\u00b7e expert\u00b7e de la photographie. Ensemble, nous explorons votre pratique, vos images, vos intentions \u2014 pour faire \u00e9merger des r\u00e9ponses l\u00e0 o\u00f9 subsistent encore des doutes.<br \/>Comment donner de la force \u00e0 votre dossier ?<br \/>Distinguer et clarifier votre biographie, affirmer votre positionnement, comprendre les rouages des galeries, envisager l\u2019exposition ou l\u2019\u00e9dition sans faux pas\u2026 \u2028Autant de questions abord\u00e9es avec pr\u00e9cision, bienveillance et lucidit\u00e9.<\/p>\n<p>Aux c\u00f4t\u00e9s d\u2019un\u00b7e expert\u00b7e, vos images se racontent, se questionnent, se r\u00e9v\u00e8lent. Ensemble, nous ouvrons des pistes, levons les zones d\u2019ombre, et dessinons des chemins possibles : dossier, galerie, exposition, \u00e9dition\u2026<br \/>Une conversation \u00e0 la fois libre et pr\u00e9cise, pour transformer vos interrogations en \u00e9lans, et accompagner votre regard l\u00e0 o\u00f9 il veut aller.\u00a0<\/p>\n\t\t\t\t\t\t\t\t<\/div>\n\t\t\t\t<div class=\"elementor-element elementor-element-8c87886 elementor-position-left elementor-vertical-align-middle elementor-widget__width-initial elementor-widget elementor-widget-image-box\" data-id=\"8c87886\" data-element_type=\"widget\" data-e-type=\"widget\" data-widget_type=\"image-box.default\">\n\t\t\t\t\t<div class=\"elementor-image-box-wrapper\"><figure class=\"elementor-image-box-img\"><img decoding=\"async\" width=\"150\" height=\"150\" src=\"https:\/\/lavolante.art\/wp-content\/uploads\/2026\/03\/Val-V-B-1-150x150.jpg\" class=\"attachment-thumbnail size-thumbnail wp-image-5595\" alt=\"\" srcset=\"https:\/\/lavolante.art\/wp-content\/uploads\/2026\/03\/Val-V-B-1-150x150.jpg 150w, https:\/\/lavolante.art\/wp-content\/uploads\/2026\/03\/Val-V-B-1-50x50.jpg 50w, https:\/\/lavolante.art\/wp-content\/uploads\/2026\/03\/Val-V-B-1-80x80.jpg 80w\" sizes=\"(max-width: 150px) 100vw, 150px\" \/><\/figure><div class=\"elementor-image-box-content\"><h3 class=\"elementor-image-box-title\">Valentin Bardawill, co-fondateur de Photo Doc et de l'Observatoire des nouvelles \u00e9critures de la photographie documentaire<\/h3><p class=\"elementor-image-box-description\">Il a \u00e9galement co-fond\u00e9 avec  avec la chercheuse et photographe, Christine Delory-Momberger l\u2019Observatoire des nouvelles \u00e9critures de la photographie documentaire. Avec Charlotte Flossaut, ils ont lanc\u00e9 en 2025 le Prix de l\u2019Intime RPBB \/ Photo Doc.R\u00e9alisateur et sc\u00e9nariste de films, il est aussi anthropologue du vivant et membre du GIS LE SUJET DANS LA CIT\u00c9 Sorbonne Paris Nord-Campus Condorcet. <br><br><br><\/p><\/div><\/div>\t\t\t\t<\/div>\n\t\t\t\t<div class=\"elementor-element elementor-element-b8790f5 elementor-position-left elementor-vertical-align-middle elementor-widget elementor-widget-image-box\" data-id=\"b8790f5\" data-element_type=\"widget\" data-e-type=\"widget\" data-widget_type=\"image-box.default\">\n\t\t\t\t\t<div class=\"elementor-image-box-wrapper\"><figure class=\"elementor-image-box-img\"><img decoding=\"async\" width=\"150\" height=\"150\" src=\"https:\/\/lavolante.art\/wp-content\/uploads\/2026\/03\/63d844de-dcdd-4d57-ad05-513136055365-150x150.jpg\" class=\"attachment-thumbnail size-thumbnail wp-image-5583\" alt=\"\" srcset=\"https:\/\/lavolante.art\/wp-content\/uploads\/2026\/03\/63d844de-dcdd-4d57-ad05-513136055365-150x150.jpg 150w, https:\/\/lavolante.art\/wp-content\/uploads\/2026\/03\/63d844de-dcdd-4d57-ad05-513136055365-50x50.jpg 50w, https:\/\/lavolante.art\/wp-content\/uploads\/2026\/03\/63d844de-dcdd-4d57-ad05-513136055365-80x80.jpg 80w\" sizes=\"(max-width: 150px) 100vw, 150px\" \/><\/figure><div class=\"elementor-image-box-content\"><h3 class=\"elementor-image-box-title\">Fiametta Horvat, agent photographique<\/h3><p class=\"elementor-image-box-description\">Fiammetta Horvat g\u00e8re le fond photographique de Frank Horvat. Elle organise des expositions, g\u00e8re les parutions, les ventes et le droit moral. Le Studio Horvat pr\u00e9serve l\u2019int\u00e9gralit\u00e9 des archives et expose la collection des tirages d\u2019autres photographes, collectionn\u00e9e par Frank. Le Studio est aussi un lieu d\u2019exposition pour la creation contemporaine avec son projet annuel de Dialogue entre artistes et archives. <br><br><br><\/p><\/div><\/div>\t\t\t\t<\/div>\n\t\t\t\t<div class=\"elementor-element elementor-element-3629507 elementor-position-left elementor-vertical-align-middle elementor-widget elementor-widget-image-box\" data-id=\"3629507\" data-element_type=\"widget\" data-e-type=\"widget\" data-widget_type=\"image-box.default\">\n\t\t\t\t\t<div class=\"elementor-image-box-wrapper\"><figure class=\"elementor-image-box-img\"><a href=\"https:\/\/calendly.com\/szarhloul\/charlotte-flossaut\" target=\"_blank\" tabindex=\"-1\" rel=\"noopener\"><img decoding=\"async\" width=\"150\" height=\"150\" src=\"https:\/\/lavolante.art\/wp-content\/uploads\/2026\/03\/000000750009-Charlotte-Flossaut-1-150x150.jpeg\" class=\"attachment-thumbnail size-thumbnail wp-image-5585\" alt=\"\" srcset=\"https:\/\/lavolante.art\/wp-content\/uploads\/2026\/03\/000000750009-Charlotte-Flossaut-1-150x150.jpeg 150w, https:\/\/lavolante.art\/wp-content\/uploads\/2026\/03\/000000750009-Charlotte-Flossaut-1-50x50.jpeg 50w, https:\/\/lavolante.art\/wp-content\/uploads\/2026\/03\/000000750009-Charlotte-Flossaut-1-80x80.jpeg 80w\" sizes=\"(max-width: 150px) 100vw, 150px\" \/><\/a><\/figure><div class=\"elementor-image-box-content\"><h4 class=\"elementor-image-box-title\"><a href=\"https:\/\/calendly.com\/szarhloul\/charlotte-flossaut\" target=\"_blank\" rel=\"noopener\">PRENDRE RDV avec Charlotte Flossaut, directrice artistique - conseil<br><\/a><\/h4><p class=\"elementor-image-box-description\">Issue d'une carri\u00e8re dans le monde de la mode, Charlotte Flossaut est commissaire d'expositions, elle fonde Photo Doc en 2015 dont elle est depuis directrice artistique, et devient en 2023 membre fondatrice de l\u2019Association des Rencontres Photographiques de Boulogne- Billancourt (RPBB). En 2024 elle rejoint le conseil d\u2019administration du centre d\u2019art du Cneai. Pour Photo Doc, elle co-produit ON STAGE PHOTOGRAPHY depuis 2024 et Photo Bridge avec IAND\u00c9 depuis 2025.<br><br><\/p><\/div><\/div>\t\t\t\t<\/div>\n\t\t\t\t<div class=\"elementor-element elementor-element-c78045e elementor-position-left elementor-vertical-align-middle elementor-widget elementor-widget-image-box\" data-id=\"c78045e\" data-element_type=\"widget\" data-e-type=\"widget\" data-widget_type=\"image-box.default\">\n\t\t\t\t\t<div class=\"elementor-image-box-wrapper\"><figure class=\"elementor-image-box-img\"><img decoding=\"async\" width=\"150\" height=\"150\" src=\"https:\/\/lavolante.art\/wp-content\/uploads\/2026\/03\/fLorin-150x150.jpg\" class=\"attachment-thumbnail size-thumbnail wp-image-5599\" alt=\"\" srcset=\"https:\/\/lavolante.art\/wp-content\/uploads\/2026\/03\/fLorin-150x150.jpg 150w, https:\/\/lavolante.art\/wp-content\/uploads\/2026\/03\/fLorin-50x50.jpg 50w, https:\/\/lavolante.art\/wp-content\/uploads\/2026\/03\/fLorin-80x80.jpg 80w\" sizes=\"(max-width: 150px) 100vw, 150px\" \/><\/figure><div class=\"elementor-image-box-content\"><h4 class=\"elementor-image-box-title\">PRENDRE RDV AVEC FR\u00c9D\u00c9RIC LORIN, collectionneur et m\u00e9c\u00e8ne <br><\/h4><p class=\"elementor-image-box-description\">Membre d\u2019associations et fondations artistiques en France et \u00e0 l\u2019\u00e9tranger, et juriste financier dans une importante institution financi\u00e8re mondiale, En juin 2020, il a cr\u00e9\u00e9 CulturFoundry, une association philanthropique qui f\u00e9d\u00e8re des collectionneurs et passionn\u00e9s d'art souhaitant promouvoir et soutenir la cr\u00e9ation contemporained\u2019artistes r\u00e9sidents en France.Pour cela, CulturFoundry con\u00e7oit et produit int\u00e9gralement des expositions d\u2019art contemporain dans diff\u00e9rents lieux en Ile de France mais \u00e9galement organise des rencontres artistiques et \u00e9v\u00e8nements culturels dans des ateliers, centres d\u2019art, r\u00e9sidences et salon d\u2019art contemporain.<br><br><br><\/p><\/div><\/div>\t\t\t\t<\/div>\n\t\t\t\t<div class=\"elementor-element elementor-element-dce0524 elementor-position-left elementor-vertical-align-middle elementor-widget elementor-widget-image-box\" data-id=\"dce0524\" data-element_type=\"widget\" data-e-type=\"widget\" data-widget_type=\"image-box.default\">\n\t\t\t\t\t<div class=\"elementor-image-box-wrapper\"><figure class=\"elementor-image-box-img\"><img decoding=\"async\" width=\"150\" height=\"150\" src=\"https:\/\/lavolante.art\/wp-content\/uploads\/2026\/03\/lucie-1-150x150.jpg\" class=\"attachment-thumbnail size-thumbnail wp-image-5591\" alt=\"\" srcset=\"https:\/\/lavolante.art\/wp-content\/uploads\/2026\/03\/lucie-1-150x150.jpg 150w, https:\/\/lavolante.art\/wp-content\/uploads\/2026\/03\/lucie-1-50x50.jpg 50w, https:\/\/lavolante.art\/wp-content\/uploads\/2026\/03\/lucie-1-80x80.jpg 80w\" sizes=\"(max-width: 150px) 100vw, 150px\" \/><\/figure><div class=\"elementor-image-box-content\"><h3 class=\"elementor-image-box-title\">Lucie Moriceau Chastagner, responsable de la collection de photographies du mus\u00e9e de l\u2019Arm\u00e9e<br><\/h3><p class=\"elementor-image-box-description\">Egalement adjointe \u00e0 la cheffe du d\u00e9partement beaux-arts et patrimoine, ses travaux portent sur l\u2019histoire et les usages de la photographie dans le monde combattant. Depuis 2022, elle pilote la r\u00e9sidence photographique du Mus\u00e9e pour d\u00e9velopper le soutien de l\u2019institution \u00e0 la cr\u00e9ation contemporaine.Elle a assur\u00e9 plusieurs commissariats d\u2019expositions : Raymond Depardon : 1962-1963, photographe militaire (Toulon et Paris, 2019-2021), Photographies en guerre (Paris, 2022), L\u00e9on Herschtritt (1936-2020). Photographe des ann\u00e9es gaulliennes (Paris, 2023-2024).<\/p><\/div><\/div>\t\t\t\t<\/div>\n\t\t\t\t<div class=\"elementor-element elementor-element-e8c4e89 elementor-position-left elementor-vertical-align-middle elementor-widget elementor-widget-image-box\" data-id=\"e8c4e89\" data-element_type=\"widget\" data-e-type=\"widget\" data-widget_type=\"image-box.default\">\n\t\t\t\t\t<div class=\"elementor-image-box-wrapper\"><figure class=\"elementor-image-box-img\"><a href=\"https:\/\/calendly.com\/szarhloul\/rdv-expertavec-feriel-simon\" target=\"_blank\" tabindex=\"-1\" rel=\"noopener\"><img decoding=\"async\" width=\"150\" height=\"150\" src=\"https:\/\/lavolante.art\/wp-content\/uploads\/2026\/03\/Feriel-Simon-150x150.jpg\" class=\"attachment-thumbnail size-thumbnail wp-image-5597\" alt=\"\" srcset=\"https:\/\/lavolante.art\/wp-content\/uploads\/2026\/03\/Feriel-Simon-150x150.jpg 150w, https:\/\/lavolante.art\/wp-content\/uploads\/2026\/03\/Feriel-Simon-50x50.jpg 50w, https:\/\/lavolante.art\/wp-content\/uploads\/2026\/03\/Feriel-Simon-80x80.jpg 80w\" sizes=\"(max-width: 150px) 100vw, 150px\" \/><\/a><\/figure><div class=\"elementor-image-box-content\"><h4 class=\"elementor-image-box-title\"><a href=\"https:\/\/calendly.com\/szarhloul\/rdv-expertavec-feriel-simon\" target=\"_blank\" rel=\"noopener\">PRENDRE RDV AVEC F\u00c9RIEL SIMON, AGENT<\/a><\/h4><p class=\"elementor-image-box-description\">Acheteuse d\u2019art et productrice pendant plus de 15 ans, Feriel Simon \u00e9volue \u00e0 l\u2019intersection de la cr\u00e9ation, de l\u2019image et de la strat\u00e9gie de marque. Son parcours l\u2019a men\u00e9e \u00e0 collaborer avec des maisons de luxe embl\u00e9matiques, \u00e0 explorer l\u2019univers de l\u2019\u00e9dition, puis \u00e0 s\u2019imposer dans le monde des agences de publicit\u00e9, o\u00f9 elle a rep\u00e9r\u00e9 et accompagn\u00e9 des talents \u00e9mergents et confirm\u00e9s pour des campagnes visuelles percutantes.Aujourd\u2019hui, elle dirige Yume Represents, une agence d\u00e9di\u00e9e \u00e0 la repr\u00e9sentation d\u2019artistes et \u00e0 la production cr\u00e9ative.<br><br><br><\/p><\/div><\/div>\t\t\t\t<\/div>\n\t\t\t\t<div class=\"elementor-element elementor-element-39b6dc3 elementor-position-left elementor-vertical-align-middle elementor-widget elementor-widget-image-box\" data-id=\"39b6dc3\" data-element_type=\"widget\" data-e-type=\"widget\" data-widget_type=\"image-box.default\">\n\t\t\t\t\t<div class=\"elementor-image-box-wrapper\"><figure class=\"elementor-image-box-img\"><img decoding=\"async\" width=\"150\" height=\"150\" src=\"https:\/\/lavolante.art\/wp-content\/uploads\/2026\/03\/moi-150x150.jpg\" class=\"attachment-thumbnail size-thumbnail wp-image-5601\" alt=\"\" srcset=\"https:\/\/lavolante.art\/wp-content\/uploads\/2026\/03\/moi-150x150.jpg 150w, https:\/\/lavolante.art\/wp-content\/uploads\/2026\/03\/moi-50x50.jpg 50w, https:\/\/lavolante.art\/wp-content\/uploads\/2026\/03\/moi-80x80.jpg 80w\" sizes=\"(max-width: 150px) 100vw, 150px\" \/><\/figure><div class=\"elementor-image-box-content\"><h3 class=\"elementor-image-box-title\">Selma Bella Zarhloul, agent artistique <\/h3><p class=\"elementor-image-box-description\">Professionnelle de la photographie et de la cr\u00e9ation visuelle depuis plus de 25 ans, elle a d\u00e9velopp\u00e9 une expertise transversale m\u00ealant direction de projets, strat\u00e9gie artistique, accompagnement d\u2019artistes. Apr\u00e8s 15 ans \u00e0 la direction adjointe de la Donation Jacques Henri Lartigue - Minist\u00e8re de la Culture, et plus d'une centaine d'expositions a son actif dans le monde entier (Centre Pompidou, MOMA, Tate, MET Tokyo.. ), elle fonde La Volante en 2021. Une entit\u00e9 d\u00e9di\u00e9e aux arts visuels, \u00e0 leur diffusion, \u00e0 leurs questionnements : une galerie nomade et \u00e9ph\u00e9m\u00e8re, l'accompagnement et la repr\u00e9sentation d'artistes, le commissariat et la production de projets culturels (\u00e9v\u00e8nements, performances, \u00e9ditions..)<\/p><\/div><\/div>\t\t\t\t<\/div>\n\t\t\t\t<div class=\"elementor-element elementor-element-4fd8cf4 elementor-widget-divider--view-line elementor-widget elementor-widget-divider\" data-id=\"4fd8cf4\" data-element_type=\"widget\" data-e-type=\"widget\" data-widget_type=\"divider.default\">\n\t\t\t\t\t\t\t<div class=\"elementor-divider\">\n\t\t\t<span class=\"elementor-divider-separator\">\n\t\t\t\t\t\t<\/span>\n\t\t<\/div>\n\t\t\t\t\t\t<\/div>\n\t\t\t\t\t<\/div>\n\t\t<\/div>\n\t\t\t\t\t<\/div>\n\t\t<\/section>\n\t\t\t\t<\/div>\n\t\t","protected":false},"excerpt":{"rendered":"<p>EXPERTS MEETING ONLY IN FRENCH THIS TIME SORRY Offrez \u00e0 votre travail un regard ext\u00e9rieur, sensible et exigeant.Le temps d\u2019une rencontre, entrez en dialogue [&hellip;]<\/p>\n","protected":false},"author":2,"featured_media":5050,"parent":0,"menu_order":0,"comment_status":"closed","ping_status":"closed","template":"page-custom.php","meta":{"_acf_changed":false,"footnotes":""},"class_list":["post-5558","page","type-page","status-publish","has-post-thumbnail","hentry"],"acf":[],"_links":{"self":[{"href":"https:\/\/lavolante.art\/en\/wp-json\/wp\/v2\/pages\/5558","targetHints":{"allow":["GET"]}}],"collection":[{"href":"https:\/\/lavolante.art\/en\/wp-json\/wp\/v2\/pages"}],"about":[{"href":"https:\/\/lavolante.art\/en\/wp-json\/wp\/v2\/types\/page"}],"author":[{"embeddable":true,"href":"https:\/\/lavolante.art\/en\/wp-json\/wp\/v2\/users\/2"}],"replies":[{"embeddable":true,"href":"https:\/\/lavolante.art\/en\/wp-json\/wp\/v2\/comments?post=5558"}],"version-history":[{"count":0,"href":"https:\/\/lavolante.art\/en\/wp-json\/wp\/v2\/pages\/5558\/revisions"}],"wp:featuredmedia":[{"embeddable":true,"href":"https:\/\/lavolante.art\/en\/wp-json\/wp\/v2\/media\/5050"}],"wp:attachment":[{"href":"https:\/\/lavolante.art\/en\/wp-json\/wp\/v2\/media?parent=5558"}],"curies":[{"name":"wp","href":"https:\/\/api.w.org\/{rel}","templated":true}]}}